{"id":141,"date":"2024-11-21T10:06:50","date_gmt":"2024-11-21T09:06:50","guid":{"rendered":"https:\/\/meylan-cyclo.fr\/?page_id=141"},"modified":"2025-09-28T09:47:41","modified_gmt":"2025-09-28T07:47:41","slug":"parcours-80-km","status":"publish","type":"page","link":"https:\/\/meylan-cyclo.fr\/index.php\/evenements\/randonnee-meylan-cyclo\/parcours-80-km\/","title":{"rendered":"Parcours 80 km"},"content":{"rendered":"\n<p>80 km &#8211; 600 m de d\u00e9nivel\u00e9<\/p>\n\n\n\n<p>2 contr\u00f4les de ravitaillement sur le parcours &#8211; Assiette garnie \u00e0 l&#8217;arriv\u00e9e<\/p>\n\n\n\n<div class=\"wp-block-media-text is-stacked-on-mobile\" style=\"grid-template-columns:22% auto\"><figure class=\"wp-block-media-text__media\"><a href=\"https:\/\/www.openrunner.com\/route-details\/20756105\" target=\"_blank\" rel=\" noreferrer noopener\"><img loading=\"lazy\" decoding=\"async\" width=\"560\" height=\"523\" src=\"https:\/\/meylan-cyclo.fr\/wp-content\/uploads\/2025\/03\/RMC-carte-du-80km-facile.jpg\" alt=\"\" class=\"wp-image-1067 size-full\" srcset=\"https:\/\/meylan-cyclo.fr\/wp-content\/uploads\/2025\/03\/RMC-carte-du-80km-facile.jpg 560w, https:\/\/meylan-cyclo.fr\/wp-content\/uploads\/2025\/03\/RMC-carte-du-80km-facile-300x280.jpg 300w\" sizes=\"auto, (max-width: 560px) 100vw, 560px\" \/><\/a><\/figure><div class=\"wp-block-media-text__content\">\n<p><a href=\"https:\/\/www.openrunner.com\/route-details\/20756105\" target=\"_blank\" rel=\"noreferrer noopener\">Openrunner #20756105<\/a><\/p>\n\n\n\n<p><a href=\"https:\/\/meylan-cyclo.fr\/resources\/gpx\/rmc_80_km_facile-20756105.gpx\">Fichier gpx<\/a> \u00e0 t\u00e9l\u00e9charger<\/p>\n<\/div><\/div>\n\n\n\n<p>Apr\u00e8s un petit \u00e9chauffement sur les berges de l&#8217;Is\u00e8re, vous d\u00e9couvrirez les coteaux de la Flach\u00e8re et la vall\u00e9e du Gr\u00e9sivaudan.<\/p>\n\n\n\n<p>Contr\u00f4le-ravitaillement \u00e0 La Terrasse puis direction La Flach\u00e8re et Barraux avant de redescendre dans la vall\u00e9e pour revenir \u00e0 La Terrasse (ravito) puis rentrer vers Meylan<\/p>\n\n\n\n<p>Meylan, Crolles, La Terrasse, Le Touvet, La Flach\u00e8re, Mont\u00e9e de La Flach\u00e8re, Battaux,La Buissi\u00e8re, le Chemin de l&#8217;Empereur, La Terrasse, Crolles Saint Nazaire les Eymes, Meylan.<\/p>\n\n\n\n<p><\/p>\n","protected":false},"excerpt":{"rendered":"<p>80 km &#8211; 600 m de d\u00e9nivel\u00e9 2 contr\u00f4les de ravitaillement sur le parcours &#8211; Assiette garnie \u00e0 l&#8217;arriv\u00e9e Openrunner #20756105 Fichier gpx \u00e0 t\u00e9l\u00e9charger Apr\u00e8s un petit \u00e9chauffement sur les berges de l&#8217;Is\u00e8re, vous d\u00e9couvrirez les coteaux de la Flach\u00e8re et la vall\u00e9e du Gr\u00e9sivaudan. Contr\u00f4le-ravitaillement \u00e0 La Terrasse puis direction La Flach\u00e8re et [&hellip;]<\/p>\n","protected":false},"author":1,"featured_media":0,"parent":121,"menu_order":2,"comment_status":"closed","ping_status":"closed","template":"","meta":{"footnotes":""},"class_list":["post-141","page","type-page","status-publish","hentry"],"_links":{"self":[{"href":"https:\/\/meylan-cyclo.fr\/index.php\/wp-json\/wp\/v2\/pages\/141","targetHints":{"allow":["GET"]}}],"collection":[{"href":"https:\/\/meylan-cyclo.fr\/index.php\/wp-json\/wp\/v2\/pages"}],"about":[{"href":"https:\/\/meylan-cyclo.fr\/index.php\/wp-json\/wp\/v2\/types\/page"}],"author":[{"embeddable":true,"href":"https:\/\/meylan-cyclo.fr\/index.php\/wp-json\/wp\/v2\/users\/1"}],"replies":[{"embeddable":true,"href":"https:\/\/meylan-cyclo.fr\/index.php\/wp-json\/wp\/v2\/comments?post=141"}],"version-history":[{"count":16,"href":"https:\/\/meylan-cyclo.fr\/index.php\/wp-json\/wp\/v2\/pages\/141\/revisions"}],"predecessor-version":[{"id":1467,"href":"https:\/\/meylan-cyclo.fr\/index.php\/wp-json\/wp\/v2\/pages\/141\/revisions\/1467"}],"up":[{"embeddable":true,"href":"https:\/\/meylan-cyclo.fr\/index.php\/wp-json\/wp\/v2\/pages\/121"}],"wp:attachment":[{"href":"https:\/\/meylan-cyclo.fr\/index.php\/wp-json\/wp\/v2\/media?parent=141"}],"curies":[{"name":"wp","href":"https:\/\/api.w.org\/{rel}","templated":true}]}}