{"id":131,"date":"2024-11-21T09:59:26","date_gmt":"2024-11-21T08:59:26","guid":{"rendered":"https:\/\/meylan-cyclo.fr\/?page_id=131"},"modified":"2026-03-02T17:34:25","modified_gmt":"2026-03-02T16:34:25","slug":"bourse-aux-velos","status":"publish","type":"page","link":"https:\/\/meylan-cyclo.fr\/index.php\/evenements\/bourse-aux-velos\/","title":{"rendered":"Bourse aux v\u00e9los"},"content":{"rendered":"\n<p class=\"has-text-align-center has-accent-4-background-color has-background has-large-font-size\">En 2026 ce sera le 28 mars <br>au <a href=\"https:\/\/www.google.com\/maps\/place\/Gymnase+Revir%C3%A9e\/@45.2083813,5.7645457,16z\/data=!3m1!4b1!4m6!3m5!1s0x478af595549fad4f:0xde4f65298cfa737!8m2!3d45.2083775!4d5.7671206!16s%2Fg%2F1hm4c0y42?authuser=0&amp;entry=ttu&amp;g_ep=EgoyMDI0MTIxMS4wIKXMDSoASAFQAw%3D%3D\" target=\"_blank\" rel=\"noreferrer noopener\">gymnase de la Revir\u00e9e<\/a><\/p>\n\n\n\n<p><strong>Les horaires de la bourse<\/strong><\/p>\n\n\n\n<figure class=\"wp-block-table\"><table class=\"has-fixed-layout\"><tbody><tr><td class=\"has-text-align-center\" data-align=\"center\">8h   \u00e0    12h<\/td><td class=\"has-text-align-center\" data-align=\"center\">D\u00e9p\u00f4t<\/td><td class=\"has-text-align-center\" data-align=\"center\"><\/td><\/tr><tr><td class=\"has-text-align-center\" data-align=\"center\">12h  \u00e0  13h<\/td><td class=\"has-text-align-center\" data-align=\"center\"><\/td><td class=\"has-text-align-center\" data-align=\"center\"><\/td><\/tr><tr><td class=\"has-text-align-center\" data-align=\"center\">13h   \u00e0   15h<\/td><td class=\"has-text-align-center\" data-align=\"center\">D\u00e9p\u00f4t<\/td><td class=\"has-text-align-center\" data-align=\"center\">Vente<\/td><\/tr><tr><td class=\"has-text-align-center\" data-align=\"center\">15h   \u00e0   18h15<\/td><td class=\"has-text-align-center\" data-align=\"center\"><\/td><td class=\"has-text-align-center\" data-align=\"center\">Vente<\/td><\/tr><tr><td class=\"has-text-align-center\" data-align=\"center\">18h15   \u00e0   18h30<\/td><td class=\"has-text-align-center\" data-align=\"center\"><\/td><td class=\"has-text-align-center\" data-align=\"center\"><\/td><\/tr><tr><td class=\"has-text-align-center\" data-align=\"center\">18h30   \u00e0   19h30<\/td><td class=\"has-text-align-center\" data-align=\"center\">Paiement des ventes ou<\/td><td class=\"has-text-align-center\" data-align=\"center\">restitution des invendus<\/td><\/tr><\/tbody><\/table><\/figure>\n\n\n\n\n\n<p><strong>Le r\u00e8glement de la bourse<\/strong><\/p>\n\n\n\n<p>Ce <a href=\"https:\/\/meylan-cyclo.fr\/resources\/docs\/R\u00e9glement bourse 2026 V0.pdf\" target=\"_blank\" rel=\"noreferrer noopener\">r\u00e8glement<\/a> est consultable en ligne. Les principales r\u00e8gles sont les suivantes:<\/p>\n\n\n\n<ul class=\"wp-block-list\">\n<li>Seule une personne majeure peut d\u00e9poser du mat\u00e9riel<\/li>\n\n\n\n<li>La pr\u00e9sentation de la carte d&#8217;identit\u00e9 est obligatoire<\/li>\n\n\n\n<li>Le mat\u00e9riel (v\u00e9los et accessoires) doivent \u00eatre propres et en \u00e9tat de marche<\/li>\n\n\n\n<li>Un droit de d\u00e9p\u00f4t est demand\u00e9 pour chaque article(selon le prix du mat\u00e9riel). Ce droit de d\u00e9p\u00f4t est restitu\u00e9 pour tout article invendu d\u00e9duction faite de 1\u20ac conserv\u00e9 par le club.<\/li>\n\n\n\n<li>Un escompte de 10% du prix de la marchandise vendue est demand\u00e9e au vendeur lors de la remise du paiement de la vente<\/li>\n<\/ul>\n\n\n\n<p><strong>L&#8217;affiche de la Bourse<\/strong><\/p>\n\n\n\n<ul class=\"wp-block-list\">\n<li>En <a href=\"https:\/\/meylan-cyclo.fr\/resources\/docs\/2026_Affiche bourse A4 et A3.pdf\" target=\"_blank\" rel=\"noreferrer noopener\">noir et blanc<\/a><\/li>\n<\/ul>\n\n\n\n<p class=\"has-text-align-center has-accent-4-background-color has-background has-large-font-size\">En 2025 la bourse a eu lieu le 22 mars<\/p>\n\n\n\n<ul class=\"wp-block-list\">\n<li><mark style=\"background-color:rgba(0, 0, 0, 0)\" class=\"has-inline-color has-accent-3-color\"><strong>Un succ\u00e8s : 341 v\u00e9los d\u00e9pos\u00e9s <\/strong><\/mark><br><img loading=\"lazy\" decoding=\"async\" width=\"600\" height=\"338\" class=\"wp-image-1221\" style=\"width: 600px;\" src=\"https:\/\/meylan-cyclo.fr\/wp-content\/uploads\/2025\/04\/Bourse_Velos_2025_Photo_341_velos-scaled.jpg\" alt=\"\" srcset=\"https:\/\/meylan-cyclo.fr\/wp-content\/uploads\/2025\/04\/Bourse_Velos_2025_Photo_341_velos-scaled.jpg 2560w, https:\/\/meylan-cyclo.fr\/wp-content\/uploads\/2025\/04\/Bourse_Velos_2025_Photo_341_velos-300x169.jpg 300w, https:\/\/meylan-cyclo.fr\/wp-content\/uploads\/2025\/04\/Bourse_Velos_2025_Photo_341_velos-1024x576.jpg 1024w, https:\/\/meylan-cyclo.fr\/wp-content\/uploads\/2025\/04\/Bourse_Velos_2025_Photo_341_velos-768x432.jpg 768w, https:\/\/meylan-cyclo.fr\/wp-content\/uploads\/2025\/04\/Bourse_Velos_2025_Photo_341_velos-1536x864.jpg 1536w, https:\/\/meylan-cyclo.fr\/wp-content\/uploads\/2025\/04\/Bourse_Velos_2025_Photo_341_velos-2048x1152.jpg 2048w\" sizes=\"auto, (max-width: 600px) 100vw, 600px\" \/><\/li>\n\n\n\n<li><mark style=\"background-color:rgba(0, 0, 0, 0)\" class=\"has-inline-color has-accent-3-color\"><strong>Et la visite de Bernard Th\u00e9venet <\/strong><\/mark>: coureur cycliste fran\u00e7ais des ann\u00e9es 1970. Il a notamment remport\u00e9 le Tour de France \u00e0 deux reprises : en 1975 devant Eddy Merckx et en 1977 devant Hennie Kuiper.<br><img loading=\"lazy\" decoding=\"async\" width=\"600\" height=\"491\" class=\"wp-image-1222\" style=\"width: 600px;\" src=\"https:\/\/meylan-cyclo.fr\/wp-content\/uploads\/2025\/04\/Bourse_Velos_2025_Bernard.Thevenet.jpg\" alt=\"\" srcset=\"https:\/\/meylan-cyclo.fr\/wp-content\/uploads\/2025\/04\/Bourse_Velos_2025_Bernard.Thevenet.jpg 1467w, https:\/\/meylan-cyclo.fr\/wp-content\/uploads\/2025\/04\/Bourse_Velos_2025_Bernard.Thevenet-300x245.jpg 300w, https:\/\/meylan-cyclo.fr\/wp-content\/uploads\/2025\/04\/Bourse_Velos_2025_Bernard.Thevenet-1024x838.jpg 1024w, https:\/\/meylan-cyclo.fr\/wp-content\/uploads\/2025\/04\/Bourse_Velos_2025_Bernard.Thevenet-768x628.jpg 768w\" sizes=\"auto, (max-width: 600px) 100vw, 600px\" \/><\/li>\n\n\n\n<li><\/li>\n\n\n\n<li>Un bon repas de l&#8217;\u00e9quipe Meylan-Cyclo pour cl\u00f4turer cette grosse journ\u00e9e : <\/li>\n<\/ul>\n\n\n\n<figure class=\"wp-block-image size-large\"><img loading=\"lazy\" decoding=\"async\" width=\"576\" height=\"1024\" src=\"https:\/\/meylan-cyclo.fr\/wp-content\/uploads\/2025\/04\/Bourse_Velos_2025_Repas-576x1024.jpg\" alt=\"\" class=\"wp-image-1228\" style=\"aspect-ratio:16\/9;object-fit:cover\" srcset=\"https:\/\/meylan-cyclo.fr\/wp-content\/uploads\/2025\/04\/Bourse_Velos_2025_Repas-576x1024.jpg 576w, https:\/\/meylan-cyclo.fr\/wp-content\/uploads\/2025\/04\/Bourse_Velos_2025_Repas-169x300.jpg 169w, https:\/\/meylan-cyclo.fr\/wp-content\/uploads\/2025\/04\/Bourse_Velos_2025_Repas-768x1365.jpg 768w, https:\/\/meylan-cyclo.fr\/wp-content\/uploads\/2025\/04\/Bourse_Velos_2025_Repas-864x1536.jpg 864w, https:\/\/meylan-cyclo.fr\/wp-content\/uploads\/2025\/04\/Bourse_Velos_2025_Repas-1152x2048.jpg 1152w, https:\/\/meylan-cyclo.fr\/wp-content\/uploads\/2025\/04\/Bourse_Velos_2025_Repas-scaled.jpg 1440w\" sizes=\"auto, (max-width: 576px) 100vw, 576px\" \/><\/figure>\n\n\n\n<p><\/p>\n","protected":false},"excerpt":{"rendered":"<p>En 2026 ce sera le 28 mars au gymnase de la Revir\u00e9e Les horaires de la bourse 8h \u00e0 12h D\u00e9p\u00f4t 12h \u00e0 13h 13h \u00e0 15h D\u00e9p\u00f4t Vente 15h \u00e0 18h15 Vente 18h15 \u00e0 18h30 18h30 \u00e0 19h30 Paiement des ventes ou restitution des invendus Le r\u00e8glement de la bourse Ce r\u00e8glement est consultable [&hellip;]<\/p>\n","protected":false},"author":1,"featured_media":1221,"parent":124,"menu_order":0,"comment_status":"closed","ping_status":"closed","template":"","meta":{"footnotes":""},"class_list":["post-131","page","type-page","status-publish","has-post-thumbnail","hentry"],"_links":{"self":[{"href":"https:\/\/meylan-cyclo.fr\/index.php\/wp-json\/wp\/v2\/pages\/131","targetHints":{"allow":["GET"]}}],"collection":[{"href":"https:\/\/meylan-cyclo.fr\/index.php\/wp-json\/wp\/v2\/pages"}],"about":[{"href":"https:\/\/meylan-cyclo.fr\/index.php\/wp-json\/wp\/v2\/types\/page"}],"author":[{"embeddable":true,"href":"https:\/\/meylan-cyclo.fr\/index.php\/wp-json\/wp\/v2\/users\/1"}],"replies":[{"embeddable":true,"href":"https:\/\/meylan-cyclo.fr\/index.php\/wp-json\/wp\/v2\/comments?post=131"}],"version-history":[{"count":36,"href":"https:\/\/meylan-cyclo.fr\/index.php\/wp-json\/wp\/v2\/pages\/131\/revisions"}],"predecessor-version":[{"id":1595,"href":"https:\/\/meylan-cyclo.fr\/index.php\/wp-json\/wp\/v2\/pages\/131\/revisions\/1595"}],"up":[{"embeddable":true,"href":"https:\/\/meylan-cyclo.fr\/index.php\/wp-json\/wp\/v2\/pages\/124"}],"wp:featuredmedia":[{"embeddable":true,"href":"https:\/\/meylan-cyclo.fr\/index.php\/wp-json\/wp\/v2\/media\/1221"}],"wp:attachment":[{"href":"https:\/\/meylan-cyclo.fr\/index.php\/wp-json\/wp\/v2\/media?parent=131"}],"curies":[{"name":"wp","href":"https:\/\/api.w.org\/{rel}","templated":true}]}}